{"id":129,"date":"2025-07-29T13:55:54","date_gmt":"2025-07-29T11:55:54","guid":{"rendered":"https:\/\/thebow.ch\/bow-privatkonzerte\/"},"modified":"2026-04-16T08:56:01","modified_gmt":"2026-04-16T06:56:01","slug":"bow-privatkonzerte","status":"publish","type":"page","link":"https:\/\/thebow.ch\/de\/","title":{"rendered":"Bow; \u2014 Architekt musikalischer Stimmungen"},"content":{"rendered":"\n<section class=\"wp-block-the-bow-the-bow-container container\">\n<h2 class=\"wp-block-the-bow-the-bow-animated-title title-align-start title-type-italic\">*Architekt musikalischer Stimmungen f\u00fcr Hochzeiten und besondere Anl\u00e4sse<br><sup>von<\/sup> Marion Devaud<\/h2>\n\n\n\n<div class=\"wp-block-columns are-vertically-aligned-top is-layout-flex wp-container-core-columns-is-layout-9d6595d7 wp-block-columns-is-layout-flex\" id=\"presentation\">\n<div class=\"wp-block-column is-vertically-aligned-top is-layout-flow wp-block-column-is-layout-flow\">\n<h2 class=\"wp-block-heading has-text-align-left mb-2 has-text-color has-link-color wp-elements-9173d18e6c4e4568177be17f3fd84d08\" id=\"artiste\" style=\"color:#9c7d52\"><em>Der K\u00fcnstler<\/em><\/h2>\n\n\n\n<h3 class=\"wp-block-heading has-text-align-left mb-4\"><em>Mit Bow; kreiert Marion Devaud Geigen-Performances f\u00fcr ein einzigartiges Event.<\/em><\/h3>\n\n\n\n<p class=\"has-text-align-left mb-3\">Die am Royal College of Music in London ausgebildete Geigenvirtuosin Marion Devaud stand bereits gemeinsam mit dem <em>Verbier Festival Orchestra<\/em>, dem <em>Orchestre de la Suisse Romande<\/em> sowie den <em>Kammerorchestern von Genf und Lausanne<\/em> unter der Leitung der legend\u00e4ren Dirigenten <em>Valery Gergiev<\/em>, <em>Bernard Haitink<\/em> und <em>Charles Dutoit<\/em> auf der B\u00fchne.<\/p>\n\n\n\n<p class=\"has-text-align-left mb-3\">Sie \u00fcberbr\u00fcckt die Welt der klassischen Musik und die B\u00fchnen des Montreux Jazz Festivals oder des Teatro Col\u00f3n in Buenos Aires \u2013 gemeinsam mit <em>Quincy Jones<\/em>, <em>Gilberto Gil<\/em>, <em>Woodkid<\/em>, <em>Belle and Sebastian<\/em>, <em>Deltron 3030<\/em> oder als Solistin vor 200.000 Zuschauern beim See-Spektakel der F\u00eates de Gen\u00e8ve.<\/p>\n\n\n\n<p class=\"has-text-align-left mb-8\">Mit Bow; macht Marion eine Karriere als Konzertmusikerin in einem intimen, formellen oder grandiosen Rahmen zug\u00e4nglich und pr\u00e4gt einen Moment durch die Emotionalit\u00e4t ihres Geigenspiels.<\/p>\n\n\n\n<p class=\"has-text-align-left mb-6\"><strong><em><em>*{Klassik\/Elektro\/Pop} \u2014 Gala\/Privatkonzert\/Firmenveranstaltung\/Hochzeit\/Feier<\/em><\/em><\/strong><\/p>\n\n\n\n<div data-wp-context=\"{ &quot;autoclose&quot;: false, &quot;accordionItems&quot;: [] }\" data-wp-interactive=\"core\/accordion\" role=\"group\" class=\"wp-block-accordion is-layout-flow wp-block-accordion-is-layout-flow\">\n<div data-wp-class--is-open=\"state.isOpen\" data-wp-context=\"{ &quot;id&quot;: &quot;accordion-item-1&quot;, &quot;openByDefault&quot;: false }\" data-wp-init=\"callbacks.initAccordionItems\" data-wp-on-window--hashchange=\"callbacks.hashChange\" class=\"wp-block-accordion-item is-layout-flow wp-block-accordion-item-is-layout-flow\">\n<h3 class=\"wp-block-accordion-heading has-text-color has-link-color wp-elements-694d4773848195124100b307bb081050\" style=\"color:#9c7d52;font-size:16px\"><button aria-expanded=\"false\" aria-controls=\"accordion-item-1-panel\" data-wp-bind--aria-expanded=\"state.isOpen\" data-wp-on--click=\"actions.toggle\" data-wp-on--keydown=\"actions.handleKeyDown\" id=\"accordion-item-1\" type=\"button\" class=\"wp-block-accordion-heading__toggle\"><span class=\"wp-block-accordion-heading__toggle-icon\" aria-hidden=\"true\">+<\/span><span class=\"wp-block-accordion-heading__toggle-title\"><em><strong>Mehr erfahren<\/strong><\/em> \u2192<\/span><\/button><\/h3>\n\n\n\n<div inert aria-labelledby=\"accordion-item-1\" data-wp-bind--inert=\"!state.isOpen\" id=\"accordion-item-1-panel\" role=\"region\" class=\"wp-block-accordion-panel is-layout-flow wp-block-accordion-panel-is-layout-flow\">\n<p class=\"mt-2 has-text-color has-link-color wp-elements-afc0abc0218f43d3a3ca0f3e2d0d2f9d\" style=\"color:#9c7d52\"><em><strong>Ein Weg, tausend Akkorde<\/strong><\/em><\/p>\n\n\n\n<p class=\"mb-3\">Klassik, zeitgen\u00f6ssische Musik, Elektro, Weltmusik \u2013 Marion hat den Eklektizismus zu ihrem Markenzeichen gemacht. Diese wenigen Eckpunkte skizzieren einen Werdegang, der Note f\u00fcr Note, Auftritt f\u00fcr Auftritt, Begegnung f\u00fcr Begegnung entstanden ist. <\/p>\n\n\n\n<figure class=\"wp-block-table is-style-stripes\"><table><tbody><tr><td><mark style=\"background-color:rgba(0, 0, 0, 0);color:#9c7d52\" class=\"has-inline-color\">*\/Schulung\/<\/mark><\/td><td>Royal College of Music \u00b7 HEM \u00b7 HEMU<\/td><\/tr><tr><td><mark style=\"background-color:rgba(0, 0, 0, 0);color:#9c7d52\" class=\"has-inline-color\">*\/Abschl\u00fcsse\/<\/mark><\/td><td>Solistendiplom \u00b7 Konzertdiplom \u00b7 Postgraduiertenstudium in fortgeschrittener Musikauff\u00fchrung<\/td><\/tr><tr><td><mark style=\"background-color:rgba(0, 0, 0, 0);color:#9c7d52\" class=\"has-inline-color\">*\/Orchester\/ *\/Solist\/<\/mark><\/td><td>Orchestre de la Suisse Romande \u2014 collaboration r\u00e9guli\u00e8re depuis plus de 20 ans \u00b7 Verbier Festival Orchestra \u00b7 Geneva Camerata \u00b7 Orchestre de chambre de Gen\u00e8ve. \u00b7 Orchestre de chambre de Lausanne\u2026 <\/td><\/tr><tr><td><mark style=\"background-color:rgba(0, 0, 0, 0);color:#9c7d52\" class=\"has-inline-color\">*\/Szenen\/<\/mark><\/td><td>Berliner Philharmonie \u00b7 Harpa Reykjav\u00edk \u00b7 Victoria Hall in Genf \u00b7 Tokyo Suntory Hall \u00b7 Nationales Zentrum f\u00fcr darstellende K\u00fcnste in Peking\u2026<\/td><\/tr><tr><td><mark style=\"background-color:rgba(0, 0, 0, 0);color:#9c7d52\" class=\"has-inline-color\">*\/Datensatz\/<\/mark><\/td><td>200.000 Zuschauer \u2013 Genfer Feste, Show auf dem See<\/td><\/tr><tr><td><mark style=\"background-color:rgba(0, 0, 0, 0);color:#9c7d52\" class=\"has-inline-color\">*\/Dirigenten\/<\/mark><\/td><td>Valery Guerguiev \u00b7 Bernard Haitink \u00b7 Daniele Gatti \u00b7 Charles Dutoit \u00b7 Kent Nagano \u00b7 Daniel Harding \u00b7 Neeme J\u00e4rvi\u2026<\/td><\/tr><tr><td><mark style=\"background-color:rgba(0, 0, 0, 0);color:#9c7d52\" class=\"has-inline-color\">*\/K\u00fcnstler\/ *\/Kooperationen\/<\/mark><\/td><td>Quincy Jones \u00b7 Gilberto Gil \u00b7 Woodkid \u00b7 Ang\u00e9lique Kidjo \u00b7 \u00abM\u00bb \u00b7 Belle and Sebastian \u00b7 Jamie Cullum \u00b7 Son Lux \u00b7 Deltron 3030 \u00b7 Maher Zain \u00b7 Miyavi\u2026<\/td><\/tr><tr><td><mark style=\"background-color:rgba(0, 0, 0, 0);color:#9c7d52\" class=\"has-inline-color\">*\/Horizonte\/<\/mark><\/td><td>Tokio \u00b7 Reykjav\u00edk \u00b7 Istanbul \u00b7 Buenos Aires \u00b7 die H\u00f6hlen von Kappadokien \u00b7 Peking \u00b7 Maskat \u00b7 Oslo \u00b7 Warschau \u00b7 Prag \u00b7 Berlin \u00b7 Santiago \u00b7 Rio de Janeiro \u00b7 Madrid \u00b7 Rom \u00b7 Seoul \u00b7 Paris \u00b7 London\u2026<\/td><\/tr><\/tbody><\/table><\/figure>\n<\/div>\n<\/div>\n<\/div>\n<\/div>\n<\/div>\n<\/section>\n\n\n\n<figure class=\"wp-block-image size-large image__large\"><img loading=\"lazy\" decoding=\"async\" width=\"1024\" height=\"577\" src=\"https:\/\/thebow.ch\/wp-content\/uploads\/2026\/04\/marion-devaud-montagne-violon-1024x577.jpg\" alt=\"\" class=\"wp-image-960\" srcset=\"https:\/\/thebow.ch\/wp-content\/uploads\/2026\/04\/marion-devaud-montagne-violon-1024x577.jpg 1024w, https:\/\/thebow.ch\/wp-content\/uploads\/2026\/04\/marion-devaud-montagne-violon-300x169.jpg 300w, https:\/\/thebow.ch\/wp-content\/uploads\/2026\/04\/marion-devaud-montagne-violon-768x432.jpg 768w, https:\/\/thebow.ch\/wp-content\/uploads\/2026\/04\/marion-devaud-montagne-violon-1536x865.jpg 1536w, https:\/\/thebow.ch\/wp-content\/uploads\/2026\/04\/marion-devaud-montagne-violon.jpg 1920w\" sizes=\"auto, (max-width: 1024px) 100vw, 1024px\" \/><\/figure>\n\n\n\n<section class=\"wp-block-the-bow-the-bow-container container\">\n<div class=\"wp-block-group\"><div class=\"wp-block-group__inner-container is-layout-constrained wp-block-group-is-layout-constrained\">\n<h2 class=\"wp-block-heading has-text-align-center mb-4 has-text-color has-link-color wp-elements-ad3ebe8ad21983771a307ec2cde34776\" style=\"color:#9c7d52\"><em>Sie haben ihm die Akustik anvertraut<\/em><\/h2>\n\n\n\n\n<div class=\"wp-block-the-bow-logos-slider\">\n    \n\n<figure class=\"wp-block-image size-full\"><img decoding=\"async\" src=\"https:\/\/thebow.ch\/wp-content\/uploads\/2026\/03\/bow-16px_bank-america.svg\" alt=\"\" class=\"wp-image-848\"\/><\/figure>\n\n\n\n<figure class=\"wp-block-image size-full\"><img decoding=\"async\" src=\"https:\/\/thebow.ch\/wp-content\/uploads\/2026\/03\/bow-16px_Fetes-geneve.svg\" alt=\"\" class=\"wp-image-851\"\/><\/figure>\n\n\n\n<figure class=\"wp-block-image size-full\"><img decoding=\"async\" src=\"https:\/\/thebow.ch\/wp-content\/uploads\/2026\/03\/bow-16px_MJF.svg\" alt=\"\" class=\"wp-image-854\"\/><\/figure>\n\n\n\n<figure class=\"wp-block-image size-full\"><img decoding=\"async\" src=\"https:\/\/thebow.ch\/wp-content\/uploads\/2026\/03\/bow-16px_musee-olympique.svg\" alt=\"\" class=\"wp-image-857\"\/><\/figure>\n\n\n\n<figure class=\"wp-block-image size-full\"><img decoding=\"async\" src=\"https:\/\/thebow.ch\/wp-content\/uploads\/2026\/03\/bow-16px_ports-francs.svg\" alt=\"\" class=\"wp-image-860\"\/><\/figure>\n\n\n\n<figure class=\"wp-block-image size-full\"><img decoding=\"async\" src=\"https:\/\/thebow.ch\/wp-content\/uploads\/2026\/03\/bow-16px_rotary-international.svg\" alt=\"\" class=\"wp-image-863\"\/><\/figure>\n\n\n\n<figure class=\"wp-block-image size-full\"><img decoding=\"async\" src=\"https:\/\/thebow.ch\/wp-content\/uploads\/2026\/03\/bow-16px_solarstratos-1.svg\" alt=\"\" class=\"wp-image-881\"\/><\/figure>\n\n\n\n<figure class=\"wp-block-image size-full\"><img decoding=\"async\" src=\"https:\/\/thebow.ch\/wp-content\/uploads\/2026\/03\/bow-16px_USDAM.svg\" alt=\"\" class=\"wp-image-869\"\/><\/figure>\n\n\n\n<figure class=\"wp-block-image size-full\"><img decoding=\"async\" src=\"https:\/\/thebow.ch\/wp-content\/uploads\/2026\/03\/bow-16px_van-cleef.svg\" alt=\"\" class=\"wp-image-872\"\/><\/figure>\n\n\n\n<figure class=\"wp-block-image size-full\"><img decoding=\"async\" src=\"https:\/\/thebow.ch\/wp-content\/uploads\/2026\/03\/bow-16px_vernissages.svg\" alt=\"\" class=\"wp-image-875\"\/><\/figure>\n\n\n\n<figure class=\"wp-block-image size-full duplicate\"><img decoding=\"async\" src=\"https:\/\/thebow.ch\/wp-content\/uploads\/2026\/03\/bow-16px_bank-america.svg\" alt=\"\" class=\"wp-image-848\"\/><\/figure>\n\n\n\n<figure class=\"wp-block-image size-full duplicate\"><img decoding=\"async\" src=\"https:\/\/thebow.ch\/wp-content\/uploads\/2026\/03\/bow-16px_Fetes-geneve.svg\" alt=\"\" class=\"wp-image-851\"\/><\/figure>\n\n\n\n<figure class=\"wp-block-image size-full duplicate\"><img decoding=\"async\" src=\"https:\/\/thebow.ch\/wp-content\/uploads\/2026\/03\/bow-16px_MJF.svg\" alt=\"\" class=\"wp-image-854\"\/><\/figure>\n\n\n\n<figure class=\"wp-block-image size-full duplicate\"><img decoding=\"async\" src=\"https:\/\/thebow.ch\/wp-content\/uploads\/2026\/03\/bow-16px_musee-olympique.svg\" alt=\"\" class=\"wp-image-857\"\/><\/figure>\n\n\n\n<figure class=\"wp-block-image size-full duplicate\"><img decoding=\"async\" src=\"https:\/\/thebow.ch\/wp-content\/uploads\/2026\/03\/bow-16px_ports-francs.svg\" alt=\"\" class=\"wp-image-860\"\/><\/figure>\n\n\n\n<figure class=\"wp-block-image size-full duplicate\"><img decoding=\"async\" src=\"https:\/\/thebow.ch\/wp-content\/uploads\/2026\/03\/bow-16px_rotary-international.svg\" alt=\"\" class=\"wp-image-863\"\/><\/figure>\n\n\n\n<figure class=\"wp-block-image size-full duplicate\"><img decoding=\"async\" src=\"https:\/\/thebow.ch\/wp-content\/uploads\/2026\/03\/bow-16px_solarstratos-1.svg\" alt=\"\" class=\"wp-image-881\"\/><\/figure>\n\n\n\n<figure class=\"wp-block-image size-full duplicate\"><img decoding=\"async\" src=\"https:\/\/thebow.ch\/wp-content\/uploads\/2026\/03\/bow-16px_USDAM.svg\" alt=\"\" class=\"wp-image-869\"\/><\/figure>\n\n\n\n<figure class=\"wp-block-image size-full duplicate\"><img decoding=\"async\" src=\"https:\/\/thebow.ch\/wp-content\/uploads\/2026\/03\/bow-16px_van-cleef.svg\" alt=\"\" class=\"wp-image-872\"\/><\/figure>\n\n\n\n<figure class=\"wp-block-image size-full duplicate\"><img decoding=\"async\" src=\"https:\/\/thebow.ch\/wp-content\/uploads\/2026\/03\/bow-16px_vernissages.svg\" alt=\"\" class=\"wp-image-875\"\/><\/figure>\n\n<\/div><\/div><\/div>\n\n\n\n<div id=\"repertoire\" class=\"wp-block-group\"><div class=\"wp-block-group__inner-container is-layout-constrained wp-block-group-is-layout-constrained\">\n<h2 class=\"wp-block-heading has-text-align-center has-the-bow-brown-color has-text-color has-link-color wp-elements-0abe46a7e7168c514a8c7d75dfb8fda2\"><em>Das Repertoire<\/em><\/h2>\n\n\n\n<h3 class=\"wp-block-the-bow-the-bow-animated-title title-align-center title-type-italic mb-4\">W\u00e4hlen Sie Ihre Intensit\u00e4t<\/h3>\n\n\n\n<div class=\"wp-block-group mb-1 has-the-bow-brown-color has-text-color has-link-color wp-elements-10f6e372822a8c1ca32072d14ad95c51 is-content-justification-center is-nowrap is-layout-flex wp-container-core-group-is-layout-94bc23d7 wp-block-group-is-layout-flex\">\n<p class=\"has-the-bow-brown-color has-text-color has-link-color wp-elements-2cbee71373b9cfc559f29c9c39cc5d17\"><em><strong>Die Atmosph\u00e4re<\/strong><\/em><\/p>\n\n\n\n<div class=\"wp-block-the-bow-intensity-rail\"><\/div>\n\n\n\n<p class=\"has-the-bow-brown-color has-text-color has-link-color wp-elements-441a4ec809489fc23db149abbf965d7c\"><em><strong>Die Show<\/strong><\/em><\/p>\n<\/div>\n\n\n\n<p class=\"has-text-align-center mb-6\"><strong><em><mark style=\"background-color:rgba(0, 0, 0, 0)\" class=\"has-inline-color has-the-bow-brown-color\">Die Atmosph\u00e4re<\/mark><\/em><\/strong> (eine elegante Hintergrundmusik f\u00fcr Cocktailpartys) <mark style=\"background-color:rgba(0, 0, 0, 0);color:#9c7d52\" class=\"has-inline-color\">VS<\/mark> <strong><em>die Show<\/em><\/strong> (eine Performance, die auch visuell ist und im Mittelpunkt des Abends steht).<\/p>\n\n\n\n<div class=\"wp-block-columns mb-4 is-layout-flex wp-container-core-columns-is-layout-9d6595d7 wp-block-columns-is-layout-flex\">\n<div class=\"wp-block-column is-layout-flow wp-block-column-is-layout-flow\" style=\"flex-basis:100%\">\n<figure class=\"wp-block-image size-full mb-3\"><img loading=\"lazy\" decoding=\"async\" width=\"756\" height=\"1008\" src=\"https:\/\/thebow.ch\/wp-content\/uploads\/2026\/03\/BOW.01.jpeg\" alt=\"\" class=\"wp-image-646\" srcset=\"https:\/\/thebow.ch\/wp-content\/uploads\/2026\/03\/BOW.01.jpeg 756w, https:\/\/thebow.ch\/wp-content\/uploads\/2026\/03\/BOW.01-225x300.jpeg 225w\" sizes=\"auto, (max-width: 756px) 100vw, 756px\" \/><\/figure>\n\n\n\n<h4 class=\"wp-block-heading mb-2 has-text-color has-link-color wp-elements-1f56b414f2f63a2fcd7ebf3beabaccc0\" style=\"color:#9c7d52\"><em>Klassik &amp; Eleganz<\/em><\/h4>\n\n\n\n<hr class=\"wp-block-separator has-alpha-channel-opacity mb-3 separator__brown\"\/>\n\n\n\n<p class=\"mb-1\">Das Zeitlose. Ein klassisches oder akustisches Pop-Set mit Klavierbegleitung, die \u00fcber hochwertige Lautsprecher wiedergegeben wird. Das gesamte Equipment f\u00fcr einen unverf\u00e4lschten Klang ist im Lieferumfang enthalten.  <\/p>\n\n\n\n<p class=\"mb-3\"><em><mark style=\"background-color:rgba(0, 0, 0, 0)\" class=\"has-inline-color has-the-bow-brown-color\">Das Erlebnis:<\/mark><\/em> ideal f\u00fcr eine feierliche Atmosph\u00e4re oder als stilvolle Hintergrundmusik.<\/p>\n\n\n\n<hr class=\"wp-block-separator has-alpha-channel-opacity mb-3 separator\"\/>\n\n\n\n<p class=\"has-text-align-left mb-3\"><strong>*\/Feier\/ *\/Empfang\/ *\/Vernissage\/ *\/Exklusives Abendessen\/<\/strong><\/p>\n\n\n\n<hr class=\"wp-block-separator has-alpha-channel-opacity mb-3 separator\"\/>\n<\/div>\n\n\n\n<div class=\"wp-block-column is-layout-flow wp-block-column-is-layout-flow\" style=\"flex-basis:100%\">\n<figure class=\"wp-block-image size-large mb-3\"><img loading=\"lazy\" decoding=\"async\" width=\"600\" height=\"800\" src=\"https:\/\/thebow.ch\/wp-content\/uploads\/2026\/02\/marion-devaud-thebow-concert-edited.png\" alt=\"\" class=\"wp-image-519\" srcset=\"https:\/\/thebow.ch\/wp-content\/uploads\/2026\/02\/marion-devaud-thebow-concert-edited.png 600w, https:\/\/thebow.ch\/wp-content\/uploads\/2026\/02\/marion-devaud-thebow-concert-edited-225x300.png 225w\" sizes=\"auto, (max-width: 600px) 100vw, 600px\" \/><\/figure>\n\n\n\n<h4 class=\"wp-block-heading mb-2 has-text-color has-link-color wp-elements-24887b84d5ca0baf33460973402fe528\" style=\"color:#9c7d52\"><em>Titel &amp; Aktuelles<\/em><\/h4>\n\n\n\n<hr class=\"wp-block-separator has-alpha-channel-opacity mb-3 separator__brown\"\/>\n\n\n\n<p class=\"mb-1\">Ihr Soundtrack. Eine ma\u00dfgeschneiderte Neuinterpretation Ihrer Lieblingssongs und aktueller Hits, die im Ged\u00e4chtnis bleiben. <\/p>\n\n\n\n<p class=\"mb-3\"><em><mark style=\"background-color:rgba(0, 0, 0, 0)\" class=\"has-inline-color has-the-bow-brown-color\">Das Erlebnis:<\/mark><\/em> eine rhythmische, t\u00e4nzerische und energiegeladene musikalische Untermalung, die die wichtigsten Momente begleitet.<\/p>\n\n\n\n<hr class=\"wp-block-separator has-alpha-channel-opacity mb-3 separator\"\/>\n\n\n\n<p class=\"has-text-align-left mb-3\"><strong>*\/Afterwork\/ *\/Er\u00f6ffnung\/ *\/Empfang\/ *\/Feier\/<\/strong><\/p>\n\n\n\n<hr class=\"wp-block-separator has-alpha-channel-opacity mb-3 separator\"\/>\n\n\n<\/div>\n\n\n\n<div class=\"wp-block-column is-layout-flow wp-block-column-is-layout-flow\" style=\"flex-basis:100%\">\n<figure class=\"wp-block-image size-large mb-3\"><img loading=\"lazy\" decoding=\"async\" width=\"794\" height=\"1059\" src=\"https:\/\/thebow.ch\/wp-content\/uploads\/2026\/03\/b5b27ae3-b5a6-41c4-b50f-b30da11aeeb8-edited-1.jpeg\" alt=\"\" class=\"wp-image-642\" srcset=\"https:\/\/thebow.ch\/wp-content\/uploads\/2026\/03\/b5b27ae3-b5a6-41c4-b50f-b30da11aeeb8-edited-1.jpeg 794w, https:\/\/thebow.ch\/wp-content\/uploads\/2026\/03\/b5b27ae3-b5a6-41c4-b50f-b30da11aeeb8-edited-1-225x300.jpeg 225w, https:\/\/thebow.ch\/wp-content\/uploads\/2026\/03\/b5b27ae3-b5a6-41c4-b50f-b30da11aeeb8-edited-1-768x1024.jpeg 768w\" sizes=\"auto, (max-width: 794px) 100vw, 794px\" \/><\/figure>\n\n\n\n<h4 class=\"wp-block-heading mb-2 has-text-color has-link-color wp-elements-efe4219bda7f145c3a8c6eec91125740\" style=\"color:#9c7d52\"><em>DJ-Geige<\/em><\/h4>\n\n\n\n<hr class=\"wp-block-separator has-alpha-channel-opacity mb-3 separator__brown\"\/>\n\n\n\n<p class=\"mb-1\">Die elektrische Welle. Marion verbindet ihre elektrische Geige mit Electro- und Pop-DJ-Rhythmen. Eine exklusive Performance, bei der der Bogen auf ihre eigene Stimme trifft \u2013 f\u00fcr ein umfassendes Show-Erlebnis.  <\/p>\n\n\n\n<p class=\"mb-3\"><em><mark style=\"background-color:rgba(0, 0, 0, 0)\" class=\"has-inline-color has-the-bow-brown-color\">Das Erlebnis:<\/mark><\/em> eine Mischung aus Konzert und visueller Performance. Ihre G\u00e4ste schauen zu, lauschen und tanzen mit. <\/p>\n\n\n\n<hr class=\"wp-block-separator has-alpha-channel-opacity mb-3 separator\"\/>\n\n\n\n<p class=\"has-text-align-left mb-3\"><strong>*\/Gala\/ *\/Modenschau\/ *\/Markeneinf\u00fchrung\/ *\/Ball\/<\/strong><\/p>\n\n\n\n<hr class=\"wp-block-separator has-alpha-channel-opacity mb-3 separator\"\/>\n\n\n<\/div>\n<\/div>\n\n\n\n<p class=\"has-text-align-center mb-3 has-text-color has-link-color wp-elements-2edd146ccf552c0cc26efaab1dac5621\" style=\"color:#9c7d52\"><strong>*Leistungen ab 1&#8217;000 CHF<\/strong><br><em>Alle Angebote erfolgen auf Kostenvoranschlag \u00b7 ma\u00dfgeschneidertes Programm<\/em><\/p>\n\n\n\n<p class=\"has-text-align-center mb-3\">\/Harfe\/* \u00b7 \/Cello\/* \u00b7 \/Violin-Duo\/* \u00b7 \/Gesang\/* \u00b7 \/Quartett\/*\u2026<br>Auf Wunsch spielt Marion auch gerne mit anderen Musikern zusammen.<\/p>\n\n\n\n<div class=\"wp-block-buttons buttons-bow is-content-justification-center is-layout-flex wp-container-core-buttons-is-layout-16018d1d wp-block-buttons-is-layout-flex\">\n<div class=\"wp-block-button button-bow\"><a class=\"wp-block-button__link has-the-bow-brown-color has-text-color has-link-color wp-element-button\" href=\"#contact\"><strong>Gestalten Sie Ihren Moment<\/strong><\/a><\/div>\n<\/div>\n<\/div><\/div>\n\n\n\n<div id=\"cadence\" class=\"wp-block-group\"><div class=\"wp-block-group__inner-container is-layout-constrained wp-block-group-is-layout-constrained\">\n<h2 class=\"wp-block-heading has-text-align-center has-text-color has-link-color wp-elements-25941fd2a1c338db6e4466d985c01303\" style=\"color:#9c7d52\"><em>Das Tempo<\/em><\/h2>\n\n\n\n<h3 class=\"wp-block-the-bow-the-bow-animated-title title-align-center title-type-italic mb-4\">Ihre Erfahrungen mit Bow;<\/h3>\n\n\n\n<p class=\"has-text-align-center mb-6\">4 Schritte zu Ihrem einzigartigen Werk<\/p>\n\n\n\n<div class=\"wp-block-columns is-layout-flex wp-container-core-columns-is-layout-9d6595d7 wp-block-columns-is-layout-flex\">\n<div class=\"wp-block-column is-layout-flow wp-block-column-is-layout-flow\" style=\"flex-basis:100%\">\n<p class=\"has-text-color has-link-color wp-elements-0408dd9133484b5173e98c9aeae76137\" style=\"color:#9c7d52\"><em>01.<\/em><\/p>\n\n\n\n<h4 class=\"wp-block-heading\"><em>Das Stimmen<\/em><\/h4>\n\n\n\n<hr class=\"wp-block-separator has-alpha-channel-opacity mb-3 separator\"\/>\n\n\n\n<p>Gemeinsam legen wir den Stil Ihrer Veranstaltung und das gew\u00fcnschte Repertoire fest.<\/p>\n<\/div>\n\n\n\n<div class=\"wp-block-column is-layout-flow wp-block-column-is-layout-flow\" style=\"flex-basis:100%\">\n<p class=\"has-text-color has-link-color wp-elements-6efae85c48acd324e2dd58f00ce071d6\" style=\"color:#9c7d52\"><em>02.<\/em><\/p>\n\n\n\n<h4 class=\"wp-block-heading\"><em>Die Zusammensetzung<\/em><\/h4>\n\n\n\n<hr class=\"wp-block-separator has-alpha-channel-opacity mb-3 separator\"\/>\n\n\n\n<p>Erstellung eines ma\u00dfgeschneiderten k\u00fcnstlerischen Konzepts und Koordination.<\/p>\n<\/div>\n\n\n\n<div class=\"wp-block-column is-layout-flow wp-block-column-is-layout-flow\" style=\"flex-basis:100%\">\n<p class=\"has-text-color has-link-color wp-elements-ec359aa16174531d47632c5b54b9beb7\" style=\"color:#9c7d52\"><em>03.<\/em><\/p>\n\n\n\n<h4 class=\"wp-block-heading\"><em>La r\u00e9p\u00e9tition<\/em><\/h4>\n\n\n\n<hr class=\"wp-block-separator has-alpha-channel-opacity mb-3 separator\"\/>\n\n\n\n<p>Anpassung des Tempos, \u00dcberpr\u00fcfung der Pausen und des Ablaufs.<\/p>\n<\/div>\n\n\n\n<div class=\"wp-block-column is-layout-flow wp-block-column-is-layout-flow\" style=\"flex-basis:100%\">\n<p class=\"has-text-color has-link-color wp-elements-ea474be4b4003a33c499a620f791f4c0\" style=\"color:#9c7d52\"><em>04.<\/em><\/p>\n\n\n\n<h4 class=\"wp-block-heading\"><em>Der Augenblick<\/em><\/h4>\n\n\n\n<hr class=\"wp-block-separator has-alpha-channel-opacity mb-3 separator\"\/>\n\n\n\n<p>Vorzeitige Installation und absolut pr\u00e4zise Leistung am Tag X.<\/p>\n<\/div>\n<\/div>\n<\/div><\/div>\n\n\n\n<div id=\"territoires\" class=\"wp-block-group\"><div class=\"wp-block-group__inner-container is-layout-constrained wp-block-group-is-layout-constrained\">\n<h2 class=\"wp-block-heading has-text-align-center has-text-color has-link-color wp-elements-f66e7b1a3221759667a4ab04486b0106\" style=\"color:#9c7d52\"><em>Gebiete<\/em><\/h2>\n\n\n\n<h3 class=\"wp-block-the-bow-the-bow-animated-title title-align-center title-type-italic mb-4\">Bow; kommt zu Ihrer Veranstaltung<\/h3>\n\n\n\n<div class=\"wp-block-columns mb-4 is-layout-flex wp-container-core-columns-is-layout-9d6595d7 wp-block-columns-is-layout-flex\">\n<div class=\"wp-block-column is-layout-flow wp-block-column-is-layout-flow\" style=\"flex-basis:100%\">\n<h4 class=\"wp-block-heading\"><em>Westschweiz<\/em><\/h4>\n\n\n\n<hr class=\"wp-block-separator has-alpha-channel-opacity mb-2 separator\"\/>\n\n\n\n<p><strong>*\/Genf\/ *\/Lausanne\/ *\/Verbier\/ *\/Montreux\/<\/strong><\/p>\n<\/div>\n\n\n\n<div class=\"wp-block-column is-layout-flow wp-block-column-is-layout-flow\" style=\"flex-basis:100%\">\n<h4 class=\"wp-block-heading\"><em>Frankreich &amp; Europa<\/em><\/h4>\n\n\n\n<hr class=\"wp-block-separator has-alpha-channel-opacity mb-2 separator\"\/>\n\n\n\n<p><strong>*\/Paris\/ *\/Lyon\/ *\/C\u00f4te d&#8217;Azur\/ *\/Monaco\/<\/strong><\/p>\n<\/div>\n\n\n\n<div class=\"wp-block-column is-layout-flow wp-block-column-is-layout-flow\" style=\"flex-basis:100%\">\n<h4 class=\"wp-block-heading\"><em>International<\/em><\/h4>\n\n\n\n<hr class=\"wp-block-separator has-alpha-channel-opacity mb-2 separator\"\/>\n\n\n\n<p><strong>*\/Auf Anfrage\/<\/strong> <em>*\/Besondere Veranstaltungen\/ *\/Private Reiseziele\/<\/em><\/p>\n<\/div>\n<\/div>\n\n\n\n<p class=\"has-text-align-center mb-2\"><em>Ihre Vision verdient eine einzigartige Partitur.<\/em><\/p>\n\n\n\n<div class=\"wp-block-buttons is-content-justification-center is-layout-flex wp-container-core-buttons-is-layout-16018d1d wp-block-buttons-is-layout-flex\">\n<div class=\"wp-block-button button-bow\"><a class=\"wp-block-button__link has-the-bow-brown-color has-text-color has-link-color wp-element-button\" href=\"#contact\"><strong>Gestalten Sie Ihren Moment<\/strong><\/a><\/div>\n<\/div>\n<\/div><\/div>\n\n\n\n<div id=\"univers\" class=\"wp-block-group\"><div class=\"wp-block-group__inner-container is-layout-constrained wp-block-group-is-layout-constrained\">\n<h2 class=\"wp-block-heading has-text-align-center has-text-color has-link-color wp-elements-41032aff493a5edeff84f15a8ec12cad\" style=\"color:#9c7d52\"><em>Die Welt von Bow;<\/em><\/h2>\n\n\n\n<h3 class=\"wp-block-the-bow-the-bow-animated-title title-align-center title-type-italic mb-4\">Marion bei einem Auftritt<\/h3>\n\n\n<div class=\"mb-1 wp-block-the-bow-event-grid\">\n\t\t\t<ul class=\"wp-block-the-bow-event-grid__items\">\n\t\t\t\t\t\t\t<li class=\"wp-block-the-bow-event-grid__item\">\n\t\t\t\t\t<button class=\"wp-block-the-bow-event-grid__item-player\" data-video-url=\"https:\/\/thebow.ch\/wp-content\/uploads\/2025\/07\/Bow-Marion-Devaud-Yann-Tiersen.mp4\" aria-label=\"Show video from Bow; \/ \u00ab\u00a0Sur le fil\u00a0\u00bb\">\n\t\t\t\t\t<\/button>\n\t\t\t\t\t<figure class=\"wp-block-the-bow-event-grid__item-image\">\n\t\t\t\t\t\t<img decoding=\"async\" src=\"https:\/\/thebow.ch\/wp-content\/uploads\/2025\/07\/marion-devaud-bow-thumbnail-sur-le-fil.jpg\" alt=\"Bow; \/ \u00ab\u00a0Sur le fil\u00a0\u00bb\">\n\t\t\t\t\t<\/figure>\n\t\t\t\t\t<div class=\"wp-block-the-bow-event-grid__item-content\">\n\t\t\t\t\t\t<img loading=\"lazy\" decoding=\"async\" src=\"https:\/\/thebow.ch\/wp-content\/plugins\/the-bow-blocks\/\/img\/play-button.svg\" alt=\"Play\" width=\"36\" height=\"36\" aria-hidden=\"true\" \/>\n\t\t\t\t\t\t<h3 class=\"wp-block-the-bow-event-grid__item-title\">Bow; \/ \u00ab\u00a0Sur le fil\u00a0\u00bb<\/h3>\n\t\t\t\t\t<\/div>\n\t\t\t\t<\/li>\n\t\t\t\t\t\t\t<li class=\"wp-block-the-bow-event-grid__item\">\n\t\t\t\t\t<button class=\"wp-block-the-bow-event-grid__item-player\" data-video-url=\"https:\/\/thebow.ch\/wp-content\/uploads\/2025\/07\/Les_Valseuses.mp4\" aria-label=\"Show video from Bow;  \/ \u00ab\u00a0Les Valseuses\u00a0\u00bb\">\n\t\t\t\t\t<\/button>\n\t\t\t\t\t<figure class=\"wp-block-the-bow-event-grid__item-image\">\n\t\t\t\t\t\t<img decoding=\"async\" src=\"https:\/\/thebow.ch\/wp-content\/uploads\/2025\/07\/marion-devaud-bow-thumbnail-les-valseuses-1.jpg\" alt=\"Bow;  \/ \u00ab\u00a0Les Valseuses\u00a0\u00bb\">\n\t\t\t\t\t<\/figure>\n\t\t\t\t\t<div class=\"wp-block-the-bow-event-grid__item-content\">\n\t\t\t\t\t\t<img loading=\"lazy\" decoding=\"async\" src=\"https:\/\/thebow.ch\/wp-content\/plugins\/the-bow-blocks\/\/img\/play-button.svg\" alt=\"Play\" width=\"36\" height=\"36\" aria-hidden=\"true\" \/>\n\t\t\t\t\t\t<h3 class=\"wp-block-the-bow-event-grid__item-title\">Bow;  \/ \u00ab\u00a0Les Valseuses\u00a0\u00bb<\/h3>\n\t\t\t\t\t<\/div>\n\t\t\t\t<\/li>\n\t\t\t\t\t<\/ul>\n\t<\/div>\n\n\n\n<figure class=\"wp-block-gallery has-nested-images columns-4 is-cropped wp-block-gallery-2 is-layout-flex wp-block-gallery-is-layout-flex\">\n<figure class=\"wp-block-image size-large\"><img loading=\"lazy\" decoding=\"async\" width=\"263\" height=\"306\" data-id=\"33\" src=\"https:\/\/thebow.ch\/wp-content\/uploads\/2025\/07\/Bow-Marion-Devaud-Instagram-2.jpg\" alt=\"\" class=\"wp-image-33\" srcset=\"https:\/\/thebow.ch\/wp-content\/uploads\/2025\/07\/Bow-Marion-Devaud-Instagram-2.jpg 263w, https:\/\/thebow.ch\/wp-content\/uploads\/2025\/07\/Bow-Marion-Devaud-Instagram-2-258x300.jpg 258w\" sizes=\"auto, (max-width: 263px) 100vw, 263px\" \/><\/figure>\n\n\n\n<figure class=\"wp-block-image size-large\"><img loading=\"lazy\" decoding=\"async\" width=\"262\" height=\"306\" data-id=\"39\" src=\"https:\/\/thebow.ch\/wp-content\/uploads\/2025\/07\/Bow-Marion-Devaud-Instagram-4.jpg\" alt=\"\" class=\"wp-image-39\" srcset=\"https:\/\/thebow.ch\/wp-content\/uploads\/2025\/07\/Bow-Marion-Devaud-Instagram-4.jpg 262w, https:\/\/thebow.ch\/wp-content\/uploads\/2025\/07\/Bow-Marion-Devaud-Instagram-4-257x300.jpg 257w\" sizes=\"auto, (max-width: 262px) 100vw, 262px\" \/><\/figure>\n\n\n\n<figure class=\"wp-block-image size-large\"><img loading=\"lazy\" decoding=\"async\" width=\"263\" height=\"306\" data-id=\"37\" src=\"https:\/\/thebow.ch\/wp-content\/uploads\/2025\/07\/Bow-Marion-Devaud-Instagram-3.jpg\" alt=\"\" class=\"wp-image-37\" srcset=\"https:\/\/thebow.ch\/wp-content\/uploads\/2025\/07\/Bow-Marion-Devaud-Instagram-3.jpg 263w, https:\/\/thebow.ch\/wp-content\/uploads\/2025\/07\/Bow-Marion-Devaud-Instagram-3-258x300.jpg 258w\" sizes=\"auto, (max-width: 263px) 100vw, 263px\" \/><\/figure>\n\n\n\n<figure class=\"wp-block-image size-large\"><img loading=\"lazy\" decoding=\"async\" width=\"263\" height=\"306\" data-id=\"34\" src=\"https:\/\/thebow.ch\/wp-content\/uploads\/2025\/07\/Bow-Marion-Devaud-Instagram-1.jpg\" alt=\"\" class=\"wp-image-34\" srcset=\"https:\/\/thebow.ch\/wp-content\/uploads\/2025\/07\/Bow-Marion-Devaud-Instagram-1.jpg 263w, https:\/\/thebow.ch\/wp-content\/uploads\/2025\/07\/Bow-Marion-Devaud-Instagram-1-258x300.jpg 258w\" sizes=\"auto, (max-width: 263px) 100vw, 263px\" \/><\/figure>\n<\/figure>\n<\/div><\/div>\n\n\n\n<div id=\"echo\" class=\"wp-block-group\"><div class=\"wp-block-group__inner-container is-layout-constrained wp-block-group-is-layout-constrained\">\n<h2 class=\"wp-block-the-bow-the-bow-animated-title title-align-center title-type-italic mb-4\"><mark style=\"background-color:rgba(0, 0, 0, 0);color:#9c7d52\" class=\"has-inline-color\">Das Echo<\/mark><\/h2>\n\n\n\t<div class=\"glide wp-block-the-bow-the-bow-testimonial-slider\">\n\t\t<div class=\"glide__track\" data-glide-el=\"track\">\n\t\t\t<ul class=\"glide__slides\">\n\t\t\t\t\t\t\t\t\t\t<li class=\"glide__slide\">\n\t\t\t\t\t\t\t<blockquote class=\"testimonials__slide\">\n\t\t\t\t\t\t\t\t<p class=\"testimonials__slide-content\">Wir veranstalteten eine Afterwork-Party f\u00fcr unsere internationalen Teams im Olympischen Museum. Marion spielte w\u00e4hrend des Abendessens live, mit einem anspruchsvollen Repertoire, das alle in seinen Bann zog. Ihre Professionalit\u00e4t und ihr Charisma machten den Abend zu einem au\u00dfergew\u00f6hnlichen Erlebnis. Unsere Mitarbeiter schw\u00e4rmen noch heute von ihr. Eine K\u00fcnstlerin, die Talent und Eleganz miteinander verbindet.    <\/p>\n\t\t\t\t\t\t\t\t<cite class=\"testimonials__slide-author\">Soraya<\/cite>\n\t\t\t\t\t\t\t<\/blockquote>\n\t\t\t\t\t\t<\/li>\n\t\t\t\t\t\t\t\t\t\t<li class=\"glide__slide\">\n\t\t\t\t\t\t\t<blockquote class=\"testimonials__slide\">\n\t\t\t\t\t\t\t\t<p class=\"testimonials__slide-content\">F\u00fcr die Einf\u00fchrung unserer neuen Kollektion suchten wir nach einer musikalischen Darbietung, die die K\u00fchnheit unserer Marke widerspiegelte. Marion spielte mit einer Eleganz und Virtuosit\u00e4t, die unsere G\u00e4ste in ihren Bann zog. Ihr Eklektizismus, der Klassik und Moderne verband, erg\u00e4nzte perfekt das Universum unserer Kreationen. Eine makellose Leistung.   <\/p>\n\t\t\t\t\t\t\t\t<cite class=\"testimonials__slide-author\">Ivana<\/cite>\n\t\t\t\t\t\t\t<\/blockquote>\n\t\t\t\t\t\t<\/li>\n\t\t\t\t\t\t\t\t\t\t<li class=\"glide__slide\">\n\t\t\t\t\t\t\t<blockquote class=\"testimonials__slide\">\n\t\t\t\t\t\t\t\t<p class=\"testimonials__slide-content\">Marion begleitete unsere Hochzeit mit Anmut und Einf\u00fchlungsverm\u00f6gen. Sie spielte w\u00e4hrend der Zeremonie und improvisierte dann St\u00fccke, die auf die Stimmung beim Abendessen abgestimmt waren. Ihr Austausch mit unseren G\u00e4sten und ihre F\u00e4higkeit, eine Verbindung herzustellen, machten aus ihr weit mehr als eine Musikerin: eine echte Komplizin unseres Tages. Ein riesiges Dankesch\u00f6n f\u00fcr diese unvergesslichen Erinnerungen.<\/p>\n\t\t\t\t\t\t\t\t<cite class=\"testimonials__slide-author\">Natalia und Malik<\/cite>\n\t\t\t\t\t\t\t<\/blockquote>\n\t\t\t\t\t\t<\/li>\n\t\t\t\t\t\t\t\t\t\t<li class=\"glide__slide\">\n\t\t\t\t\t\t\t<blockquote class=\"testimonials__slide\">\n\t\t\t\t\t\t\t\t<p class=\"testimonials__slide-content\">For my birthday, I wanted a surprising evening. Marion played in my garden, under the stars, alternating classical pieces with pop covers. She captured the energy of the evening and gave a performance full of joy, virtuosity and human warmth. Thank you for this unique moment.   <\/p>\n\t\t\t\t\t\t\t\t<cite class=\"testimonials__slide-author\">Loris<\/cite>\n\t\t\t\t\t\t\t<\/blockquote>\n\t\t\t\t\t\t<\/li>\n\t\t\t\t\t\t\t\t\t\t<li class=\"glide__slide\">\n\t\t\t\t\t\t\t<blockquote class=\"testimonials__slide\">\n\t\t\t\t\t\t\t\t<p class=\"testimonials__slide-content\">Marion spielte bei unserer Hochzeit im Freien unter B\u00e4umen. Sie passte sich der nat\u00fcrlichen Akustik des Ortes an und schuf eine magische Atmosph\u00e4re zwischen Emotion und Leichtigkeit. Sie lernte sogar ein spezielles St\u00fcck f\u00fcr unseren ersten Tanz, was diesen Moment noch einzigartiger machte. Vielen Dank f\u00fcr diesen Hauch von Poesie und Virtuosit\u00e4t.   <\/p>\n\t\t\t\t\t\t\t\t<cite class=\"testimonials__slide-author\">Muriel und Fabien<\/cite>\n\t\t\t\t\t\t\t<\/blockquote>\n\t\t\t\t\t\t<\/li>\n\t\t\t\t\t\t\t\t\t\t<li class=\"glide__slide\">\n\t\t\t\t\t\t\t<blockquote class=\"testimonials__slide\">\n\t\t\t\t\t\t\t\t<p class=\"testimonials__slide-content\">An meinem 70. Geburtstag tr\u00e4umte ich von einem intimen Konzert in meinem Wohnzimmer. Marion verwandelte diesen Abend in einen Moment purer Magie. Sie spielte mit einer Emotion, die mich \u00fcberw\u00e4ltigte. Ihre diskrete und zugleich strahlende Pr\u00e4senz machte den Abend zu einer wertvollen Erinnerung. Vielen Dank f\u00fcr diese Aufmerksamkeit und dieses Talent.    <\/p>\n\t\t\t\t\t\t\t\t<cite class=\"testimonials__slide-author\">Claire<\/cite>\n\t\t\t\t\t\t\t<\/blockquote>\n\t\t\t\t\t\t<\/li>\n\t\t\t\t\t\t\t\t\t\t<li class=\"glide__slide\">\n\t\t\t\t\t\t\t<blockquote class=\"testimonials__slide\">\n\t\t\t\t\t\t\t\t<p class=\"testimonials__slide-content\">Marion spielte bei der Vernissage unserer Ausstellung. Ihr kraftvolles und zugleich zartes Spiel sublimierte die Kunstwerke und schuf eine bezaubernde Atmosph\u00e4re. Sie passte sich der Akustik der Galerie und dem Rhythmus des Abends an, indem sie St\u00fccke ausw\u00e4hlte, die mit der ausgestellten Kunst in Dialog traten. Eine perfekte Zusammenarbeit, die Talent und Sensibilit\u00e4t miteinander verband.   <\/p>\n\t\t\t\t\t\t\t\t<cite class=\"testimonials__slide-author\">Orlane<\/cite>\n\t\t\t\t\t\t\t<\/blockquote>\n\t\t\t\t\t\t<\/li>\n\t\t\t\t\t\t\t<\/ul>\n\t\t<\/div>\n\t\t<div class=\"glide__bullets testimonials__navigation\" data-glide-el=\"controls[nav]\">\n\t\t\t\t\t\t\t<button class=\"glide__bullet testimonials__navigation-bullet\" data-glide-dir=\"=0\">\n\t\t\t\t\t<span class=\"visually-hidden\">Slide 1<\/span>\n\t\t\t\t<\/button>\n\t\t\t\t\t\t\t<button class=\"glide__bullet testimonials__navigation-bullet\" data-glide-dir=\"=1\">\n\t\t\t\t\t<span class=\"visually-hidden\">Slide 2<\/span>\n\t\t\t\t<\/button>\n\t\t\t\t\t\t\t<button class=\"glide__bullet testimonials__navigation-bullet\" data-glide-dir=\"=2\">\n\t\t\t\t\t<span class=\"visually-hidden\">Slide 3<\/span>\n\t\t\t\t<\/button>\n\t\t\t\t\t\t\t<button class=\"glide__bullet testimonials__navigation-bullet\" data-glide-dir=\"=3\">\n\t\t\t\t\t<span class=\"visually-hidden\">Slide 4<\/span>\n\t\t\t\t<\/button>\n\t\t\t\t\t\t\t<button class=\"glide__bullet testimonials__navigation-bullet\" data-glide-dir=\"=4\">\n\t\t\t\t\t<span class=\"visually-hidden\">Slide 5<\/span>\n\t\t\t\t<\/button>\n\t\t\t\t\t\t\t<button class=\"glide__bullet testimonials__navigation-bullet\" data-glide-dir=\"=5\">\n\t\t\t\t\t<span class=\"visually-hidden\">Slide 6<\/span>\n\t\t\t\t<\/button>\n\t\t\t\t\t\t\t<button class=\"glide__bullet testimonials__navigation-bullet\" data-glide-dir=\"=6\">\n\t\t\t\t\t<span class=\"visually-hidden\">Slide 7<\/span>\n\t\t\t\t<\/button>\n\t\t\t\t\t<\/div>\n\t<\/div>\n<\/div><\/div>\n\n\n\n<div class=\"wp-block-group\"><div class=\"wp-block-group__inner-container is-layout-constrained wp-block-group-is-layout-constrained\">\n<h2 class=\"wp-block-the-bow-the-bow-animated-title title-align-center title-type-italic mb-4\"><mark style=\"background-color:rgba(0, 0, 0, 0);color:#9c7d52\" class=\"has-inline-color\">Gestalten wir Ihren Moment<\/mark><\/h2>\n\n\n\n<div class=\"wp-block-columns is-layout-flex wp-container-core-columns-is-layout-9d6595d7 wp-block-columns-is-layout-flex\" id=\"contact\">\n<div class=\"wp-block-column is-layout-flow wp-block-column-is-layout-flow\">\n\n\n<figure class=\"wp-block-image size-full\"><img loading=\"lazy\" decoding=\"async\" width=\"1365\" height=\"2048\" src=\"https:\/\/thebow.ch\/wp-content\/uploads\/2026\/03\/bow-marion-devaud-violon-flou.jpeg\" alt=\"\" class=\"wp-image-759\" style=\"aspect-ratio:3\/4;object-fit:cover\" srcset=\"https:\/\/thebow.ch\/wp-content\/uploads\/2026\/03\/bow-marion-devaud-violon-flou.jpeg 1365w, https:\/\/thebow.ch\/wp-content\/uploads\/2026\/03\/bow-marion-devaud-violon-flou-200x300.jpeg 200w, https:\/\/thebow.ch\/wp-content\/uploads\/2026\/03\/bow-marion-devaud-violon-flou-683x1024.jpeg 683w, https:\/\/thebow.ch\/wp-content\/uploads\/2026\/03\/bow-marion-devaud-violon-flou-768x1152.jpeg 768w, https:\/\/thebow.ch\/wp-content\/uploads\/2026\/03\/bow-marion-devaud-violon-flou-1024x1536.jpeg 1024w\" sizes=\"auto, (max-width: 1365px) 100vw, 1365px\" \/><\/figure>\n<\/div>\n\n\n\n<div class=\"wp-block-column is-layout-flow wp-block-column-is-layout-flow\">\n<div class=\"wpcf7 no-js\" id=\"wpcf7-f126-o1\" lang=\"de-DE\" dir=\"ltr\" data-wpcf7-id=\"126\">\n<div class=\"screen-reader-response\"><p role=\"status\" aria-live=\"polite\" aria-atomic=\"true\"><\/p> <ul><\/ul><\/div>\n<form action=\"\/de\/wp-json\/wp\/v2\/pages\/129#wpcf7-f126-o1\" method=\"post\" class=\"wpcf7-form init\" aria-label=\"Kontaktformular\" novalidate=\"novalidate\" data-status=\"init\">\n<fieldset class=\"hidden-fields-container\"><input type=\"hidden\" name=\"_wpcf7\" value=\"126\" \/><input type=\"hidden\" name=\"_wpcf7_version\" value=\"6.1.5\" \/><input type=\"hidden\" name=\"_wpcf7_locale\" value=\"de_DE\" \/><input type=\"hidden\" name=\"_wpcf7_unit_tag\" value=\"wpcf7-f126-o1\" \/><input type=\"hidden\" name=\"_wpcf7_container_post\" value=\"0\" \/><input type=\"hidden\" name=\"_wpcf7_posted_data_hash\" value=\"\" \/><input type=\"hidden\" name=\"_wpcf7_recaptcha_response\" value=\"\" \/>\n<\/fieldset>\n<p><label> Vor- und Nachname*<br \/>\n<span class=\"wpcf7-form-control-wrap\" data-name=\"your-name\"><input size=\"40\" maxlength=\"400\" class=\"wpcf7-form-control wpcf7-text wpcf7-validates-as-required\" autocomplete=\"name\" aria-required=\"true\" aria-invalid=\"false\" value=\"\" type=\"text\" name=\"your-name\" \/><\/span> <\/label>\n<\/p>\n<p><label> E-mail*<br \/>\n<span class=\"wpcf7-form-control-wrap\" data-name=\"email\"><input size=\"40\" maxlength=\"400\" class=\"wpcf7-form-control wpcf7-email wpcf7-validates-as-required wpcf7-text wpcf7-validates-as-email\" autocomplete=\"email\" aria-required=\"true\" aria-invalid=\"false\" value=\"\" type=\"email\" name=\"email\" \/><\/span> <\/label>\n<\/p>\n<p><label> Telefon<br \/>\n<span class=\"wpcf7-form-control-wrap\" data-name=\"tel\"><input size=\"40\" maxlength=\"400\" class=\"wpcf7-form-control wpcf7-tel wpcf7-text wpcf7-validates-as-tel\" autocomplete=\"tel\" aria-invalid=\"false\" value=\"\" type=\"tel\" name=\"tel\" \/><\/span> <\/label>\n<\/p>\n<p><label> Datum der Veranstaltung<br \/>\n<span class=\"wpcf7-form-control-wrap\" data-name=\"date-event\"><input class=\"wpcf7-form-control wpcf7-date wpcf7-validates-as-date\" min=\"2026-05-09\" aria-invalid=\"false\" value=\"2026-05-09\" type=\"date\" name=\"date-event\" \/><\/span> <\/label><br \/>\n<span class=\"wpcf7-form-control-wrap\" data-name=\"checkbox-no-date\"><span class=\"wpcf7-form-control wpcf7-checkbox checkbox-no-date\"><span class=\"wpcf7-list-item first last\"><label><input type=\"checkbox\" name=\"checkbox-no-date[]\" value=\"Ich wei\u00df es noch nich\" \/><span class=\"wpcf7-list-item-label\">Ich wei\u00df es noch nich<\/span><\/label><\/span><\/span><\/span>\n<\/p>\n<p><label> Ort<br \/>\n<span class=\"wpcf7-form-control-wrap\" data-name=\"place\"><input size=\"40\" maxlength=\"400\" class=\"wpcf7-form-control wpcf7-text\" aria-invalid=\"false\" placeholder=\"Beispiel: Beau-Rivage, Privatgrundst\u00fcck\u2026\" value=\"\" type=\"text\" name=\"place\" \/><\/span><br \/>\n<\/label>\n<\/p>\n<p><label> Art des Veranstaltungsortes<br \/>\n<span class=\"wpcf7-form-control-wrap\" data-name=\"select-place\"><select class=\"wpcf7-form-control wpcf7-select\" aria-invalid=\"false\" name=\"select-place\"><option value=\"\">Innen\/Au\u00dfen<\/option><option value=\"Innen\">Innen<\/option><option value=\"Au\u00dfen\">Au\u00dfen<\/option><option value=\"Beides\">Beides<\/option><\/select><\/span> <\/label>\n<\/p>\n<p><label> Die Bewegung<br \/>\n<span class=\"wpcf7-form-control-wrap\" data-name=\"select-mouvement\"><select class=\"wpcf7-form-control wpcf7-select\" aria-invalid=\"false\" name=\"select-mouvement\"><option value=\"\">W\u00e4hlen Sie ein Paket<\/option><option value=\"Klassisch &amp; elegant\">Klassisch &amp; elegant<\/option><option value=\"Cover &amp; aktuell\">Cover &amp; aktuell<\/option><option value=\"Violine &amp; DJ\">Violine &amp; DJ<\/option><option value=\"Ich wei\u00df es noch nicht\">Ich wei\u00df es noch nicht<\/option><\/select><\/span> <\/label>\n<\/p>\n<p><label> Die Vision*<br \/>\n<span class=\"wpcf7-form-control-wrap\" data-name=\"message\"><textarea cols=\"40\" rows=\"10\" maxlength=\"2000\" class=\"wpcf7-form-control wpcf7-textarea wpcf7-validates-as-required\" aria-required=\"true\" aria-invalid=\"false\" placeholder=\"Beschreiben Sie uns die gew\u00fcnschte Atmosph\u00e4re, die Kleiderordnung, das Ambiente\u2026\" name=\"message\"><\/textarea><\/span> <\/label>\n<\/p>\n<p class=\"has-small-font-size\">*Mit dem Absenden einer Nachricht \u00fcber dieses Formular erkl\u00e4ren Sie sich mit den Allgemeinen Gesch\u00e4ftsbedingungen dieser Website einverstanden.\n<\/p>\n<p><input class=\"wpcf7-form-control wpcf7-submit has-spinner\" type=\"submit\" value=\"Senden\" \/>\n<\/p><div class=\"wpcf7-response-output\" aria-hidden=\"true\"><\/div>\n<\/form>\n<\/div>\n\n<\/div>\n<\/div>\n<\/div><\/div>\n<\/section>\n","protected":false},"excerpt":{"rendered":"","protected":false},"author":2,"featured_media":0,"parent":0,"menu_order":0,"comment_status":"closed","ping_status":"open","template":"templates\/page-with-header.php","meta":{"footnotes":""},"class_list":["post-129","page","type-page","status-publish","hentry"],"_links":{"self":[{"href":"https:\/\/thebow.ch\/de\/wp-json\/wp\/v2\/pages\/129","targetHints":{"allow":["GET"]}}],"collection":[{"href":"https:\/\/thebow.ch\/de\/wp-json\/wp\/v2\/pages"}],"about":[{"href":"https:\/\/thebow.ch\/de\/wp-json\/wp\/v2\/types\/page"}],"author":[{"embeddable":true,"href":"https:\/\/thebow.ch\/de\/wp-json\/wp\/v2\/users\/2"}],"replies":[{"embeddable":true,"href":"https:\/\/thebow.ch\/de\/wp-json\/wp\/v2\/comments?post=129"}],"version-history":[{"count":9,"href":"https:\/\/thebow.ch\/de\/wp-json\/wp\/v2\/pages\/129\/revisions"}],"predecessor-version":[{"id":1109,"href":"https:\/\/thebow.ch\/de\/wp-json\/wp\/v2\/pages\/129\/revisions\/1109"}],"wp:attachment":[{"href":"https:\/\/thebow.ch\/de\/wp-json\/wp\/v2\/media?parent=129"}],"curies":[{"name":"wp","href":"https:\/\/api.w.org\/{rel}","templated":true}]}}